{"id":1021,"date":"2024-02-27T10:03:55","date_gmt":"2024-02-27T15:03:55","guid":{"rendered":"https:\/\/campclaret.qc.ca\/?page_id=1021"},"modified":"2025-12-05T14:01:14","modified_gmt":"2025-12-05T19:01:14","slug":"boucaniers","status":"publish","type":"page","link":"https:\/\/campclaret.qc.ca\/en\/programs\/boucaniers\/","title":{"rendered":"Boucaniers"},"content":{"rendered":"\t<section class=\"banner alignwide \">\n\t\t\t\t\t<img decoding=\"async\" class=\"banner__image\" src=\"https:\/\/campclaret.qc.ca\/wp-content\/uploads\/2024\/12\/dsc_23915426.jpg\" alt=\"\" loading=\"lazy\">\n\t\t\t\t<div class=\"banner__content\">\n\t\t\t<h1>Boucaniers<\/h1>\n\n\t\t\t\t\t\t\t<h2 class=\"h5\">(boys, ages 12 to 16)<\/h2>\n\t\t\t\n\t\t\t\t\t\t\t<p>The higher the goal, the harder the climb, but taken each day, one step at a time, guided and encouraged by his counselors, the goal is accomplished, the dream is attained, and the prize? <\/p>\n\t\t\t\t\t<\/div>\n\t<\/section>\n\n\n<section class=\"wave-separator alignwide\">\n\t<div class=\"wave-separator__section wave-separator__section--previous\" style=\"background-color: \"><\/div>\n\t<svg viewBox=\"0 0 1920 160\" xmlns=\"http:\/\/www.w3.org\/2000\/svg\" fill=\"none\">\n\t\t<path fill=\"#fff2d8\" d=\"M0 160V0c109.86 10.11 219.71 20.23 352 42.75 132.29 22.53 287 57.47 410.67 52.1 123.66-5.36 216.26-51.02 328-66.8 111.73-15.76 242.59-1.64 384-1.33 141.41.3 293.37-13.2 445.33-26.72v160H0Z\"\/>\n\t<\/svg>\n<\/section>\n\n\n\n<div class=\"is-layout-constrained wp-block-group alignfull ghostkit-custom-oQRaj has-primary-200-background-color has-background\"><div class=\"wp-block-group__inner-container\">\n<div class=\"ghostkit-grid ghostkit-grid-gap-custom ghostkit-grid-with-bg ghostkit-custom-CWoSN\"><div class=\"nk-awb\"><div class=\"nk-awb-wrap\" data-awb-type=\"color\"><div class=\"nk-awb-overlay\" style=\"background-color:rgba(242, 58, 58, 0)\"><\/div><\/div><\/div><div class=\"ghostkit-grid-inner\">\n<div class=\"ghostkit-col ghostkit-col-md-12 ghostkit-col-6\"><div class=\"ghostkit-col-content\">\n<h2 class=\"ghostkit-custom-ZL895s has-secondary-800-color has-text-color\" id=\"decouverte-et-la-vie-d-equipe\">A wide selection of exciting adventures\u2026 yours for the challenge\u2026!<\/h2>\n\n\n\n<p class=\"has-secondary-800-color has-text-color\">Camp Claret offers teenage boys the opportunity of experiencing an intense team life where friendship and adventure are the key words. Thrilling activities and new challenges will be occasions to develop responsibility and increase self-confidence.<\/p>\n\n\n\n<div class=\"is-horizontal is-layout-flex wp-block-group ghostkit-custom-Z1oRxKc\">\n<div class=\"ghostkit-button-wrapper ghostkit-button-wrapper-gap-md ghostkit-button-wrapper-align-left\"><div class=\"ghostkit-button-wrapper-inner\">\n<a class=\"ghostkit-button ghostkit-button-md main-cta-programmes ghostkit-custom-Zfu1Vh\" href=\"https:\/\/www.qidigo.com\/u\/Le-Camp-Claret-du-lac-Elgin\/activities\/session\" target=\"_blank\" rel=\"noreferrer noopener\"><span class=\"ghostkit-button-text\">Registration<\/span><\/a>\n<\/div><\/div>\n\n\n\n<div class=\"ghostkit-button-wrapper ghostkit-button-wrapper-gap-md ghostkit-button-wrapper-align-left ghostkit-custom-wN580\"><div class=\"ghostkit-button-wrapper-inner\">\n<a class=\"ghostkit-button ghostkit-button-md ghostkit-custom-yyic\" href=\"#calendrier\"><span class=\"ghostkit-button-text\">Dates and fees<\/span><\/a>\n\n\n\n<a class=\"ghostkit-button ghostkit-button-md ghostkit-custom-Z102zj7\" href=\"https:\/\/campclaret.qc.ca\/en\/faq\/\"><span class=\"ghostkit-button-text\">Qidigo procedure<\/span><\/a>\n<\/div><\/div>\n<\/div>\n<\/div><\/div>\n\n\n\n<div class=\"ghostkit-col ghostkit-col-md-12 ghostkit-col-6 ghostkit-has-frame ghostkit-custom-nc5kl\"><div class=\"ghostkit-col-content\">\n<figure class=\"wp-block-image size-large is-style-default ghostkit-custom-j3jBl\"><img decoding=\"async\" loading=\"lazy\" width=\"1024\" height=\"768\" src=\"https:\/\/campclaret.qc.ca\/wp-content\/uploads\/2024\/03\/img_1047-1024x768.jpg\" alt=\"\" class=\"wp-image-1351\" srcset=\"https:\/\/campclaret.qc.ca\/wp-content\/uploads\/2024\/03\/img_1047-1024x768.jpg 1024w, https:\/\/campclaret.qc.ca\/wp-content\/uploads\/2024\/03\/img_1047-300x225.jpg 300w, https:\/\/campclaret.qc.ca\/wp-content\/uploads\/2024\/03\/img_1047-768x576.jpg 768w, https:\/\/campclaret.qc.ca\/wp-content\/uploads\/2024\/03\/img_1047-1536x1152.jpg 1536w, https:\/\/campclaret.qc.ca\/wp-content\/uploads\/2024\/03\/img_1047-2048x1536.jpg 2048w, https:\/\/campclaret.qc.ca\/wp-content\/uploads\/2024\/03\/img_1047-1200x900.jpg 1200w, https:\/\/campclaret.qc.ca\/wp-content\/uploads\/2024\/03\/img_1047-1980x1485.jpg 1980w\" sizes=\"(max-width: 1024px) 100vw, 1024px\" \/><\/figure>\n<\/div><\/div>\n<\/div><\/div>\n\n\n\n<div class=\"ghostkit-grid ghostkit-grid-gap-md ghostkit-grid-justify-content-center ghostkit-custom-1ihMhX\"><div class=\"ghostkit-grid-inner\">\n<div class=\"ghostkit-col ghostkit-col-8\"><div class=\"ghostkit-col-content\">\n<h4 class=\"has-text-align-center ghostkit-custom-Zievr8\" id=\"un-boucanier-epanoui-et-heureux-un-boucanier-epanoui-et-heureux-c-est-un-homme-de-caractere-qui-a-acquis-une-autonomie-personnelle-qui-a-realise-la-prise-en-charge-de-sa-vie-qui-est-capable-d-etre-responsable-de-lui-meme-et-des-autres-et-qui-s-est-fixe-un-ideal-de-vie-a-atteindre-vivre-selon-ces-principes-constitue-un-defi-de-taille-et-un-ideal-de-vie-eleve-mais-chaque-adolescent-est-guide-et-encourage-par-deux-ou-trois-moniteurs-qui-l-aideront-a-s-epanouir-dans-un-climat-ou-regnent-le-respect-de-l-autre-la-joie-et-l-entraide\">A FULFILLED AND HAPPY BOUCANIER\u2026A fulfilled and happy boucanier is a &#8220;man of character&#8221; who has acquired personal autonomy, who has taken charge of his life, who is able to be responsible for himself and others, and who has set himself an ideal of life to achieve.<\/h4>\n\n\n\n<h4 class=\"has-text-align-center ghostkit-custom-1lWW7v\" id=\"un-boucanier-epanoui-et-heureux-un-boucanier-epanoui-et-heureux-c-est-un-homme-de-caractere-qui-a-acquis-une-autonomie-personnelle-qui-a-realise-la-prise-en-charge-de-sa-vie-qui-est-capable-d-etre-responsable-de-lui-meme-et-des-autres-et-qui-s-est-fixe-un-ideal-de-vie-a-atteindre-vivre-selon-ces-principes-constitue-un-defi-de-taille-et-un-ideal-de-vie-eleve-mais-chaque-adolescent-est-guide-et-encourage-par-deux-ou-trois-moniteurs-qui-l-aideront-a-s-epanouir-dans-un-climat-ou-regnent-le-respect-de-l-autre-la-joie-et-l-entraide\"><br><\/h4>\n\n\n\n<h4 class=\"has-text-align-center ghostkit-custom-Z22YFA0\" id=\"un-boucanier-epanoui-et-heureux-un-boucanier-epanoui-et-heureux-c-est-un-homme-de-caractere-qui-a-acquis-une-autonomie-personnelle-qui-a-realise-la-prise-en-charge-de-sa-vie-qui-est-capable-d-etre-responsable-de-lui-meme-et-des-autres-et-qui-s-est-fixe-un-ideal-de-vie-a-atteindre-vivre-selon-ces-principes-constitue-un-defi-de-taille-et-un-ideal-de-vie-eleve-mais-chaque-adolescent-est-guide-et-encourage-par-deux-ou-trois-moniteurs-qui-l-aideront-a-s-epanouir-dans-un-climat-ou-regnent-le-respect-de-l-autre-la-joie-et-l-entraide\">Living according to these principles is a great challenge and a high life ideal, but each teenager is guided and encouraged by two or three monitors who will help him thrive in an environment where there is respect for others, joy and mutual support.<\/h4>\n<\/div><\/div>\n<\/div><\/div>\n<\/div><\/div>\n\n\n<section class=\"wave-separator alignwide\">\n\t<div class=\"wave-separator__section wave-separator__section--previous\" style=\"background-color: \"><\/div>\n\t<svg viewBox=\"0 0 1920 160\" xmlns=\"http:\/\/www.w3.org\/2000\/svg\" fill=\"none\">\n\t\t<path fill=\"#ffd550\" d=\"M0 160V0c109.86 10.11 219.71 20.23 352 42.75 132.29 22.53 287 57.47 410.67 52.1 123.66-5.36 216.26-51.02 328-66.8 111.73-15.76 242.59-1.64 384-1.33 141.41.3 293.37-13.2 445.33-26.72v160H0Z\"\/>\n\t<\/svg>\n<\/section>\n\n\n\n<div class=\"is-layout-constrained wp-block-group alignfull ghostkit-custom-ZjVJWC has-secondary-800-color has-primary-500-background-color has-text-color has-background\"><div class=\"wp-block-group__inner-container\">\n<div class=\"ghostkit-grid ghostkit-grid-gap-custom ghostkit-grid-with-bg ghostkit-custom-Z7f2Qq\"><div class=\"nk-awb\"><div class=\"nk-awb-wrap\" data-awb-type=\"color\"><div class=\"nk-awb-overlay\" style=\"background-color:rgba(242, 58, 58, 0)\"><\/div><\/div><\/div><div class=\"ghostkit-grid-inner\">\n<div class=\"ghostkit-col ghostkit-col-md-12 ghostkit-col-6\"><div class=\"ghostkit-col-content\">\n<h2 class=\"ghostkit-custom-ZL93w has-secondary-800-color has-text-color\" id=\"decouverte-et-la-vie-d-equipe\">The wisdom, strength and character that are gained!&nbsp;<\/h2>\n\n\n\n<p class=\"ghostkit-custom-tLkxl\">Camp Claret&#8217;s exceptional waterfront facilities offer our teenage boys the opportunity to practice all sorts of aquatic activities as well as Horseback Riding and many others:<\/p>\n\n\n\t<section class=\"image-slider splide\">\n\t\t<div class=\"splide__track\">\n\t\t\t\t\t\t\t<ul class=\"splide__list\">\n\t\t\t\t\t\t\t\t\t\t\t<li class=\"splide__slide\">\n\t\t\t\t\t\t\t<picture>\n\t\t\t\t\t\t\t\t<img decoding=\"async\" class=\"image-slider__image\" src=\"https:\/\/campclaret.qc.ca\/wp-content\/uploads\/2024\/04\/img_4980.jpg\" alt=\"\">\n\t\t\t\t\t\t\t<\/picture>\n\t\t\t\t\t\t<\/li>\n\t\t\t\t\t\t\t\t\t\t\t<li class=\"splide__slide\">\n\t\t\t\t\t\t\t<picture>\n\t\t\t\t\t\t\t\t<img decoding=\"async\" class=\"image-slider__image\" src=\"https:\/\/campclaret.qc.ca\/wp-content\/uploads\/2024\/04\/img_0736-scaled.jpg\" alt=\"\">\n\t\t\t\t\t\t\t<\/picture>\n\t\t\t\t\t\t<\/li>\n\t\t\t\t\t\t\t\t\t\t\t<li class=\"splide__slide\">\n\t\t\t\t\t\t\t<picture>\n\t\t\t\t\t\t\t\t<img decoding=\"async\" class=\"image-slider__image\" src=\"https:\/\/campclaret.qc.ca\/wp-content\/uploads\/2024\/04\/img_0911-1-1.jpg\" alt=\"\">\n\t\t\t\t\t\t\t<\/picture>\n\t\t\t\t\t\t<\/li>\n\t\t\t\t\t\t\t\t\t\t\t<li class=\"splide__slide\">\n\t\t\t\t\t\t\t<picture>\n\t\t\t\t\t\t\t\t<img decoding=\"async\" class=\"image-slider__image\" src=\"https:\/\/campclaret.qc.ca\/wp-content\/uploads\/2024\/04\/img_1005-1.jpg\" alt=\"\">\n\t\t\t\t\t\t\t<\/picture>\n\t\t\t\t\t\t<\/li>\n\t\t\t\t\t\t\t\t\t\t\t<li class=\"splide__slide\">\n\t\t\t\t\t\t\t<picture>\n\t\t\t\t\t\t\t\t<img decoding=\"async\" class=\"image-slider__image\" src=\"https:\/\/campclaret.qc.ca\/wp-content\/uploads\/2024\/04\/20170629_201652-scaled.jpg\" alt=\"\">\n\t\t\t\t\t\t\t<\/picture>\n\t\t\t\t\t\t<\/li>\n\t\t\t\t\t\t\t\t\t<\/ul>\n\t\t\t\t\t<\/div>\n\t\t<div  class=\"splide__arrows splide__arrows--ltr\">\n\t\t\t<button class=\"splide__arrow splide__arrow--prev\">\n\t\t\t\t<svg viewBox=\"0 0 32 32\" fill=\"none\" xmlns=\"http:\/\/www.w3.org\/2000\/svg\">\n<path d=\"M5 16L27 16\" stroke=\"#154726\" stroke-width=\"2\" stroke-linecap=\"round\" stroke-linejoin=\"round\"\/>\n<path d=\"M18 25L27 16L18 7\" stroke=\"#154726\" stroke-width=\"2\" stroke-linecap=\"round\" stroke-linejoin=\"round\"\/>\n<\/svg>\n\t\t\t<\/button>\n\t\t\t<button class=\"splide__arrow splide__arrow--next\">\n\t\t\t\t<svg viewBox=\"0 0 32 32\" fill=\"none\" xmlns=\"http:\/\/www.w3.org\/2000\/svg\">\n<path d=\"M5 16L27 16\" stroke=\"#154726\" stroke-width=\"2\" stroke-linecap=\"round\" stroke-linejoin=\"round\"\/>\n<path d=\"M18 25L27 16L18 7\" stroke=\"#154726\" stroke-width=\"2\" stroke-linecap=\"round\" stroke-linejoin=\"round\"\/>\n<\/svg>\n\t\t\t<\/button>\n\t\t<\/div>\n\t<\/section>\n<\/div><\/div>\n\n\n\n<div class=\"ghostkit-col ghostkit-col-md-12 ghostkit-col-6 ghostkit-custom-ZvbSd0\"><div class=\"ghostkit-col-content\">\n<div class=\"ghostkit-grid ghostkit-grid-gap-md\"><div class=\"ghostkit-grid-inner\">\n<div class=\"ghostkit-col ghostkit-col-md-6 ghostkit-col-6\"><div class=\"ghostkit-col-content\">\n<ul>\n<li>\u2192 Canoeing<\/li>\n\n\n\n<li>\u2192 Kayaking<\/li>\n\n\n\n<li>\u2192 Regattas<\/li>\n\n\n\n<li>\u2192 Sailing<\/li>\n\n\n\n<li>\u2192 Waterskiing<\/li>\n\n\n\n<li>\u2192 Windsurfing<\/li>\n\n\n\n<li>\u2192 Swimming<\/li>\n\n\n\n<li>\u2192 Snorkelling<\/li>\n\n\n\n<li>\u2192 Inflatable water games<\/li>\n\n\n\n<li>\u2192 Wakeboard<\/li>\n\n\n\n<li>\u2192 Paddle Board<\/li>\n\n\n\n<li>\u2192 Or-Can-Cam Rally<\/li>\n\n\n\n<li>\u2192 Bouldering<\/li>\n<\/ul>\n<\/div><\/div>\n\n\n\n<div class=\"ghostkit-col ghostkit-col-md-6 ghostkit-col-6\"><div class=\"ghostkit-col-content\">\n<ul>\n<li>\u2192 Climbing<\/li>\n\n\n\n<li>\u2192 Orienteering<\/li>\n\n\n\n<li>\u2192 Rifling<\/li>\n\n\n\n<li>\u2192 Orienteering<\/li>\n\n\n\n<li>\u2192 Woodsman skills<\/li>\n\n\n\n<li>\u2192 Evening programs<\/li>\n\n\n\n<li>\u2192 Survival skills<\/li>\n\n\n\n<li>\u2192 Gymnastics<\/li>\n\n\n\n<li>\u2192 Obstacle course<\/li>\n\n\n\n<li>\u2192 Triathlon<\/li>\n\n\n\n<li>\u2192 Athletics<\/li>\n\n\n\n<li>\u2192 Camping<\/li>\n\n\n\n<li>\u2192 Archery<\/li>\n\n\n\n<li>\u2192 Meteorology, etc.<\/li>\n<\/ul>\n<\/div><\/div>\n<\/div><\/div>\n<\/div><\/div>\n<\/div><\/div>\n<\/div><\/div>\n\n\n<section class=\"wave-separator alignwide\">\n\t<div class=\"wave-separator__section wave-separator__section--previous\" style=\"background-color: \"><\/div>\n\t<svg viewBox=\"0 0 1920 160\" xmlns=\"http:\/\/www.w3.org\/2000\/svg\" fill=\"none\">\n\t\t<path fill=\"#abd7ba\" d=\"M0 160V0c109.86 10.11 219.71 20.23 352 42.75 132.29 22.53 287 57.47 410.67 52.1 123.66-5.36 216.26-51.02 328-66.8 111.73-15.76 242.59-1.64 384-1.33 141.41.3 293.37-13.2 445.33-26.72v160H0Z\"\/>\n\t<\/svg>\n<\/section>\n\n\n\n<div class=\"is-layout-constrained wp-block-group alignfull ghostkit-custom-ZsT8vI has-secondary-800-color has-secondary-500-background-color has-text-color has-background\"><div class=\"wp-block-group__inner-container\">\n<div class=\"ghostkit-grid ghostkit-grid-gap-custom ghostkit-grid-align-items-center ghostkit-grid-with-bg ghostkit-custom-1crxOo\"><div class=\"nk-awb\"><div class=\"nk-awb-wrap\" data-awb-type=\"color\"><div class=\"nk-awb-overlay\" style=\"background-color:rgba(242, 58, 58, 0)\"><\/div><\/div><\/div><div class=\"ghostkit-grid-inner\">\n<div class=\"ghostkit-col ghostkit-col-md-12 ghostkit-col-6 ghostkit-col-align-self-center\"><div class=\"ghostkit-col-content\">\n<h2 class=\"ghostkit-custom-Z1NvoLd has-secondary-800-color has-text-color\" id=\"decouverte-et-la-vie-d-equipe\">Two nature outdoor trips : Highlight of their experience at Camp Claret<\/h2>\n\n\n\n<p>Backpacking trips are designed to teach outdoor skills and foster self-achievement through team-building. It is our goal to provide an experience in which each participant may develop mentally and physically.&nbsp; We wish to empower our teenage boys with a healthy dose of self-confidence.<\/p>\n<\/div><\/div>\n\n\n\n<div class=\"ghostkit-col ghostkit-col-md-12 ghostkit-col-6 ghostkit-has-frame ghostkit-custom-Z2Qivx\"><div class=\"ghostkit-col-content\">\t<section class=\"image-border\" style=\"border-color: #ffffff; height: 510px;\">\n\t\t<img decoding=\"async\" src=\"https:\/\/campclaret.qc.ca\/wp-content\/uploads\/2024\/03\/img_8700.jpg\" alt=\"\" loading=\"lazy\">\n\t<\/section>\n<\/div><\/div>\n<\/div><\/div>\n\n\n\n<div class=\"ghostkit-grid ghostkit-grid-gap-custom ghostkit-grid-with-bg ghostkit-custom-Z1amJKx\"><div class=\"nk-awb\"><div class=\"nk-awb-wrap\" data-awb-type=\"color\"><div class=\"nk-awb-overlay\" style=\"background-color:rgba(242, 58, 58, 0)\"><\/div><\/div><\/div><div class=\"ghostkit-grid-inner\">\n<div class=\"ghostkit-col ghostkit-col-md-12 ghostkit-col-6\"><div class=\"ghostkit-col-content\">\n<p>Moreover, the 2-day canoe-camping Rally on Lake Elgin allows campers to practice their new learnt skills in orienteering, and succeed the challenge of crossing the lake through teamwork and will power.<\/p>\n<\/div><\/div>\n\n\n\n<div class=\"ghostkit-col ghostkit-col-md-12 ghostkit-col-6 ghostkit-has-frame ghostkit-custom-Z2aS9hf\"><div class=\"ghostkit-col-content\">\n<p><strong><strong>Learning to go beyond yourself\u2026 through effort! It takes strength to be courageous and courage to be strong!<\/strong><\/strong><\/p>\n<\/div><\/div>\n<\/div><\/div>\n<\/div><\/div>\n\n\n<section class=\"wave-separator alignwide\">\n\t<div class=\"wave-separator__section wave-separator__section--previous\" style=\"background-color: \"><\/div>\n\t<svg viewBox=\"0 0 1920 160\" xmlns=\"http:\/\/www.w3.org\/2000\/svg\" fill=\"none\">\n\t\t<path fill=\"#fff2d8\" d=\"M0 160V0c109.86 10.11 219.71 20.23 352 42.75 132.29 22.53 287 57.47 410.67 52.1 123.66-5.36 216.26-51.02 328-66.8 111.73-15.76 242.59-1.64 384-1.33 141.41.3 293.37-13.2 445.33-26.72v160H0Z\"\/>\n\t<\/svg>\n<\/section>\n\n\n\n<div class=\"is-layout-constrained wp-block-group alignfull ghostkit-custom-Z2dmHTO has-primary-200-background-color has-background\"><div class=\"wp-block-group__inner-container\">\n<div class=\"ghostkit-grid ghostkit-grid-gap-custom ghostkit-grid-with-bg ghostkit-custom-Z1v4OBq\"><div class=\"nk-awb\"><div class=\"nk-awb-wrap\" data-awb-type=\"color\"><div class=\"nk-awb-overlay\" style=\"background-color:rgba(242, 58, 58, 0)\"><\/div><\/div><\/div><div class=\"ghostkit-grid-inner\">\n<div class=\"ghostkit-col ghostkit-col-md-12 ghostkit-col-6\"><div class=\"ghostkit-col-content\">\n<h2 class=\"ghostkit-custom-Z1cFbca has-secondary-800-color has-text-color\" id=\"decouverte-et-la-vie-d-equipe\">Dates and fees<\/h2>\n\n\n\n<div class=\"ghostkit-button-wrapper ghostkit-button-wrapper-gap-md ghostkit-button-wrapper-align-left\"><div class=\"ghostkit-button-wrapper-inner\">\n<a class=\"ghostkit-button ghostkit-button-md main-cta-programmes ghostkit-custom-1v3hl1\" href=\"https:\/\/www.qidigo.com\/u\/Le-Camp-Claret-du-lac-Elgin\/activities\/session\" target=\"_blank\" rel=\"noreferrer noopener\"><span class=\"ghostkit-button-text\">Registration<\/span><\/a>\n<\/div><\/div>\n<\/div><\/div>\n\n\n\n<div class=\"ghostkit-col ghostkit-col-md-12 ghostkit-col-6 ghostkit-has-frame ghostkit-custom-1TlCBs\"><div class=\"ghostkit-col-content\">\t<section class=\"image-border\" style=\"border-color: #ffffff; height: 420px;\">\n\t\t<img decoding=\"async\" src=\"https:\/\/campclaret.qc.ca\/wp-content\/uploads\/2024\/04\/claret_mobile-scaled.jpg\" alt=\"\" loading=\"lazy\">\n\t<\/section>\n<\/div><\/div>\n<\/div><\/div>\n\n\n\n<h2 id=\"summer-2026-schedule\">Summer 2026 schedule<\/h2>\n\n\n\n<div class=\"ghostkit-grid ghostkit-grid-gap-custom ghostkit-grid-with-bg ghostkit-custom-ZgFQE7\"><div class=\"nk-awb\"><div class=\"nk-awb-wrap\" data-awb-type=\"color\"><div class=\"nk-awb-overlay\" style=\"background-color:rgba(242, 58, 58, 0)\"><\/div><\/div><\/div><div class=\"ghostkit-grid-inner\">\n<div class=\"ghostkit-col ghostkit-col-md-12 ghostkit-col-6\"><div class=\"ghostkit-col-content\">\t<section class=\"calendar\" id=\"calendrier\">\n\t\t<h2 class=\"calendar__title\">1 week<\/h2>\n\t\t\t\t\t\t\t<p class=\"h5\">Camp costs : 850$<\/p>\n\t\t\t\t\t\t\t\t\t\t\t<div class=\"calendar__dates md:flex md:flex-row md:justify-between\">\n\t\t\t\t\t<p class=\"h5 calendar__dates-period\">4th session :<\/p>\n\t\t\t\t\t<div class=\"calendar__dates-content\">\n\t\t\t\t\t\t<p>12 years old ONLY (age &#8211; September 30th, 2026)<\/p>\n<p>4A: August 9 to August 15, 2026<\/p>\n<p>4B: August 16 to August 21, 2026<\/p>\n\t\t\t\t\t<\/div>\n\t\t\t\t<\/div>\n\t\t\t\t\t\t<\/section>\n<\/div><\/div>\n\n\n\n<div class=\"ghostkit-col ghostkit-col-md-12 ghostkit-col-6 ghostkit-has-frame ghostkit-custom-Z1pjLdU\"><div class=\"ghostkit-col-content\">\t<section class=\"calendar\" id=\"calendrier\">\n\t\t<h2 class=\"calendar__title\">2 weeks<\/h2>\n\t\t\t\t\t\t\t<p class=\"h5\">Camp costs : 1595$<\/p>\n\t\t\t\t\t\t\t\t\t\t\t<div class=\"calendar__dates md:flex md:flex-row md:justify-between\">\n\t\t\t\t\t<p class=\"h5 calendar__dates-period\">1st session :<\/p>\n\t\t\t\t\t<div class=\"calendar__dates-content\">\n\t\t\t\t\t\t<p>June 28 to July 10, 2026<\/p>\n\t\t\t\t\t<\/div>\n\t\t\t\t<\/div>\n\t\t\t\t\t\t\t<div class=\"calendar__dates md:flex md:flex-row md:justify-between\">\n\t\t\t\t\t<p class=\"h5 calendar__dates-period\">2nd session :<\/p>\n\t\t\t\t\t<div class=\"calendar__dates-content\">\n\t\t\t\t\t\t<p>July 12 to July 24, 2026<\/p>\n\t\t\t\t\t<\/div>\n\t\t\t\t<\/div>\n\t\t\t\t\t\t\t<div class=\"calendar__dates md:flex md:flex-row md:justify-between\">\n\t\t\t\t\t<p class=\"h5 calendar__dates-period\">3rd session :<\/p>\n\t\t\t\t\t<div class=\"calendar__dates-content\">\n\t\t\t\t\t\t<p>July 26 to August 7, 2026<\/p>\n\t\t\t\t\t<\/div>\n\t\t\t\t<\/div>\n\t\t\t\t\t\t\t<div class=\"calendar__dates md:flex md:flex-row md:justify-between\">\n\t\t\t\t\t<p class=\"h5 calendar__dates-period\">4th session :<\/p>\n\t\t\t\t\t<div class=\"calendar__dates-content\">\n\t\t\t\t\t\t<p>August 9 to August 21, 2026<\/p>\n\t\t\t\t\t<\/div>\n\t\t\t\t<\/div>\n\t\t\t\t\t\t<\/section>\n<\/div><\/div>\n<\/div><\/div>\n<\/div><\/div>\n","protected":false},"excerpt":{"rendered":"<p>A wide selection of exciting adventures\u2026 yours for the challenge\u2026! Camp Claret offers teenage boys the opportunity of experiencing an intense team life where friendship and adventure are the key words. Thrilling activities and new challenges will be occasions to develop responsibility and increase self-confidence. A FULFILLED AND HAPPY BOUCANIER\u2026A fulfilled and happy boucanier is [&hellip;]<\/p>\n","protected":false},"author":1,"featured_media":0,"parent":1019,"menu_order":0,"comment_status":"closed","ping_status":"closed","template":"","meta":{"jsforwpblocks_gb_metabox":"","inline_featured_image":false,"ghostkit_customizer_options":"","ghostkit_custom_css":"","ghostkit_custom_js_head":"","ghostkit_custom_js_foot":"","ghostkit_typography":""},"acf":[],"yoast_head":"<!-- This site is optimized with the Yoast SEO plugin v20.4 - https:\/\/yoast.com\/wordpress\/plugins\/seo\/ -->\n<title>Boucaniers - boys aged 12 to 16 - their experience<\/title>\n<meta name=\"description\" content=\"Planning for the Boucaniers - &quot;\u00e9nergie, volont\u00e9 et caract\u00e8re (EVC)&quot;. Their activities, climate, calendar and rates.\" \/>\n<meta name=\"robots\" content=\"index, follow, max-snippet:-1, max-image-preview:large, max-video-preview:-1\" \/>\n<link rel=\"canonical\" href=\"https:\/\/campclaret.qc.ca\/en\/programs\/boucaniers\/\" \/>\n<meta property=\"og:type\" content=\"article\" \/>\n<meta property=\"og:title\" content=\"Boucaniers - boys aged 12 to 16 - their experience\" \/>\n<meta property=\"og:description\" content=\"Planning for the Boucaniers - &quot;\u00e9nergie, volont\u00e9 et caract\u00e8re (EVC)&quot;. Their activities, climate, calendar and rates.\" \/>\n<meta property=\"og:url\" content=\"https:\/\/campclaret.qc.ca\/en\/programs\/boucaniers\/\" \/>\n<meta property=\"og:site_name\" content=\"Camp Claret\" \/>\n<meta property=\"article:modified_time\" content=\"2025-12-05T19:01:14+00:00\" \/>\n<meta property=\"og:image\" content=\"https:\/\/campclaret.qc.ca\/wp-content\/uploads\/2024\/03\/img_1047-1024x768.jpg\" \/>\n<meta name=\"twitter:card\" content=\"summary_large_image\" \/>\n<meta name=\"twitter:label1\" content=\"Est. reading time\" \/>\n\t<meta name=\"twitter:data1\" content=\"2 minutes\" \/>\n<script type=\"application\/ld+json\" class=\"yoast-schema-graph\">{\"@context\":\"https:\/\/schema.org\",\"@graph\":[{\"@type\":\"WebPage\",\"@id\":\"https:\/\/campclaret.qc.ca\/en\/programs\/boucaniers\/\",\"url\":\"https:\/\/campclaret.qc.ca\/en\/programs\/boucaniers\/\",\"name\":\"Boucaniers - boys aged 12 to 16 - their experience\",\"isPartOf\":{\"@id\":\"https:\/\/campclaret.qc.ca\/#website\"},\"datePublished\":\"2024-02-27T15:03:55+00:00\",\"dateModified\":\"2025-12-05T19:01:14+00:00\",\"description\":\"Planning for the Boucaniers - \\\"\u00e9nergie, volont\u00e9 et caract\u00e8re (EVC)\\\". Their activities, climate, calendar and rates.\",\"breadcrumb\":{\"@id\":\"https:\/\/campclaret.qc.ca\/en\/programs\/boucaniers\/#breadcrumb\"},\"inLanguage\":\"en-CA\",\"potentialAction\":[{\"@type\":\"ReadAction\",\"target\":[\"https:\/\/campclaret.qc.ca\/en\/programs\/boucaniers\/\"]}]},{\"@type\":\"BreadcrumbList\",\"@id\":\"https:\/\/campclaret.qc.ca\/en\/programs\/boucaniers\/#breadcrumb\",\"itemListElement\":[{\"@type\":\"ListItem\",\"position\":1,\"name\":\"Home\",\"item\":\"https:\/\/campclaret.qc.ca\/en\/\"},{\"@type\":\"ListItem\",\"position\":2,\"name\":\"Our programs\",\"item\":\"https:\/\/campclaret.qc.ca\/en\/programs\/\"},{\"@type\":\"ListItem\",\"position\":3,\"name\":\"Boucaniers\"}]},{\"@type\":\"WebSite\",\"@id\":\"https:\/\/campclaret.qc.ca\/#website\",\"url\":\"https:\/\/campclaret.qc.ca\/\",\"name\":\"Camp Claret\",\"description\":\"\",\"publisher\":{\"@id\":\"https:\/\/campclaret.qc.ca\/#organization\"},\"potentialAction\":[{\"@type\":\"SearchAction\",\"target\":{\"@type\":\"EntryPoint\",\"urlTemplate\":\"https:\/\/campclaret.qc.ca\/?s={search_term_string}\"},\"query-input\":\"required name=search_term_string\"}],\"inLanguage\":\"en-CA\"},{\"@type\":\"Organization\",\"@id\":\"https:\/\/campclaret.qc.ca\/#organization\",\"name\":\"Camp Claret\",\"url\":\"https:\/\/campclaret.qc.ca\/\",\"logo\":{\"@type\":\"ImageObject\",\"inLanguage\":\"en-CA\",\"@id\":\"https:\/\/campclaret.qc.ca\/#\/schema\/logo\/image\/\",\"url\":\"https:\/\/campclaret.qc.ca\/wp-content\/uploads\/2025\/12\/cropped-campclaret_logo_jaune-e1764948661759.png\",\"contentUrl\":\"https:\/\/campclaret.qc.ca\/wp-content\/uploads\/2025\/12\/cropped-campclaret_logo_jaune-e1764948661759.png\",\"width\":246,\"height\":214,\"caption\":\"Camp Claret\"},\"image\":{\"@id\":\"https:\/\/campclaret.qc.ca\/#\/schema\/logo\/image\/\"}}]}<\/script>\n<!-- \/ Yoast SEO plugin. -->","yoast_head_json":{"title":"Boucaniers - boys aged 12 to 16 - their experience","description":"Planning for the Boucaniers - \"\u00e9nergie, volont\u00e9 et caract\u00e8re (EVC)\". Their activities, climate, calendar and rates.","robots":{"index":"index","follow":"follow","max-snippet":"max-snippet:-1","max-image-preview":"max-image-preview:large","max-video-preview":"max-video-preview:-1"},"canonical":"https:\/\/campclaret.qc.ca\/en\/programs\/boucaniers\/","og_type":"article","og_title":"Boucaniers - boys aged 12 to 16 - their experience","og_description":"Planning for the Boucaniers - \"\u00e9nergie, volont\u00e9 et caract\u00e8re (EVC)\". Their activities, climate, calendar and rates.","og_url":"https:\/\/campclaret.qc.ca\/en\/programs\/boucaniers\/","og_site_name":"Camp Claret","article_modified_time":"2025-12-05T19:01:14+00:00","og_image":[{"url":"https:\/\/campclaret.qc.ca\/wp-content\/uploads\/2024\/03\/img_1047-1024x768.jpg"}],"twitter_card":"summary_large_image","twitter_misc":{"Est. reading time":"2 minutes"},"schema":{"@context":"https:\/\/schema.org","@graph":[{"@type":"WebPage","@id":"https:\/\/campclaret.qc.ca\/en\/programs\/boucaniers\/","url":"https:\/\/campclaret.qc.ca\/en\/programs\/boucaniers\/","name":"Boucaniers - boys aged 12 to 16 - their experience","isPartOf":{"@id":"https:\/\/campclaret.qc.ca\/#website"},"datePublished":"2024-02-27T15:03:55+00:00","dateModified":"2025-12-05T19:01:14+00:00","description":"Planning for the Boucaniers - \"\u00e9nergie, volont\u00e9 et caract\u00e8re (EVC)\". Their activities, climate, calendar and rates.","breadcrumb":{"@id":"https:\/\/campclaret.qc.ca\/en\/programs\/boucaniers\/#breadcrumb"},"inLanguage":"en-CA","potentialAction":[{"@type":"ReadAction","target":["https:\/\/campclaret.qc.ca\/en\/programs\/boucaniers\/"]}]},{"@type":"BreadcrumbList","@id":"https:\/\/campclaret.qc.ca\/en\/programs\/boucaniers\/#breadcrumb","itemListElement":[{"@type":"ListItem","position":1,"name":"Home","item":"https:\/\/campclaret.qc.ca\/en\/"},{"@type":"ListItem","position":2,"name":"Our programs","item":"https:\/\/campclaret.qc.ca\/en\/programs\/"},{"@type":"ListItem","position":3,"name":"Boucaniers"}]},{"@type":"WebSite","@id":"https:\/\/campclaret.qc.ca\/#website","url":"https:\/\/campclaret.qc.ca\/","name":"Camp Claret","description":"","publisher":{"@id":"https:\/\/campclaret.qc.ca\/#organization"},"potentialAction":[{"@type":"SearchAction","target":{"@type":"EntryPoint","urlTemplate":"https:\/\/campclaret.qc.ca\/?s={search_term_string}"},"query-input":"required name=search_term_string"}],"inLanguage":"en-CA"},{"@type":"Organization","@id":"https:\/\/campclaret.qc.ca\/#organization","name":"Camp Claret","url":"https:\/\/campclaret.qc.ca\/","logo":{"@type":"ImageObject","inLanguage":"en-CA","@id":"https:\/\/campclaret.qc.ca\/#\/schema\/logo\/image\/","url":"https:\/\/campclaret.qc.ca\/wp-content\/uploads\/2025\/12\/cropped-campclaret_logo_jaune-e1764948661759.png","contentUrl":"https:\/\/campclaret.qc.ca\/wp-content\/uploads\/2025\/12\/cropped-campclaret_logo_jaune-e1764948661759.png","width":246,"height":214,"caption":"Camp Claret"},"image":{"@id":"https:\/\/campclaret.qc.ca\/#\/schema\/logo\/image\/"}}]}},"_links":{"self":[{"href":"https:\/\/campclaret.qc.ca\/en\/wp-json\/wp\/v2\/pages\/1021"}],"collection":[{"href":"https:\/\/campclaret.qc.ca\/en\/wp-json\/wp\/v2\/pages"}],"about":[{"href":"https:\/\/campclaret.qc.ca\/en\/wp-json\/wp\/v2\/types\/page"}],"author":[{"embeddable":true,"href":"https:\/\/campclaret.qc.ca\/en\/wp-json\/wp\/v2\/users\/1"}],"replies":[{"embeddable":true,"href":"https:\/\/campclaret.qc.ca\/en\/wp-json\/wp\/v2\/comments?post=1021"}],"version-history":[{"count":41,"href":"https:\/\/campclaret.qc.ca\/en\/wp-json\/wp\/v2\/pages\/1021\/revisions"}],"predecessor-version":[{"id":2836,"href":"https:\/\/campclaret.qc.ca\/en\/wp-json\/wp\/v2\/pages\/1021\/revisions\/2836"}],"up":[{"embeddable":true,"href":"https:\/\/campclaret.qc.ca\/en\/wp-json\/wp\/v2\/pages\/1019"}],"wp:attachment":[{"href":"https:\/\/campclaret.qc.ca\/en\/wp-json\/wp\/v2\/media?parent=1021"}],"curies":[{"name":"wp","href":"https:\/\/api.w.org\/{rel}","templated":true}]}}