{"id":942,"date":"2024-02-07T15:12:44","date_gmt":"2024-02-07T20:12:44","guid":{"rendered":"https:\/\/campclaret.qc.ca\/?page_id=942"},"modified":"2025-12-18T14:30:16","modified_gmt":"2025-12-18T19:30:16","slug":"recruiting-counselors","status":"publish","type":"page","link":"https:\/\/campclaret.qc.ca\/en\/recruiting-counselors\/","title":{"rendered":"Recruiting"},"content":{"rendered":"\t<section class=\"banner alignwide \">\n\t\t\t\t\t<img decoding=\"async\" class=\"banner__image\" src=\"https:\/\/campclaret.qc.ca\/wp-content\/uploads\/2024\/12\/camp-claret-2019-hr-53-scaled-e1733408649436.jpg\" alt=\"\" loading=\"lazy\">\n\t\t\t\t<div class=\"banner__content\">\n\t\t\t<h1>Recruiting Counselors<\/h1>\n\n\t\t\t\n\t\t\t\t\t\t\t<p>Claret is a Summer Camp in Quebec, so all our counselors are French-speaking.<\/p>\n\t\t\t\t\t<\/div>\n\t<\/section>\n\n\n<section class=\"wave-separator alignwide\">\n\t<div class=\"wave-separator__section wave-separator__section--previous\" style=\"background-color: \"><\/div>\n\t<svg viewBox=\"0 0 1920 160\" xmlns=\"http:\/\/www.w3.org\/2000\/svg\" fill=\"none\">\n\t\t<path fill=\"#fff2d8\" d=\"M0 160V0c109.86 10.11 219.71 20.23 352 42.75 132.29 22.53 287 57.47 410.67 52.1 123.66-5.36 216.26-51.02 328-66.8 111.73-15.76 242.59-1.64 384-1.33 141.41.3 293.37-13.2 445.33-26.72v160H0Z\"\/>\n\t<\/svg>\n<\/section>\n\n\n\n<div class=\"is-layout-constrained wp-block-group alignfull ghostkit-custom-Z23RLJc has-primary-200-background-color has-background\"><div class=\"wp-block-group__inner-container\">\n<div class=\"ghostkit-grid ghostkit-grid-gap-custom ghostkit-custom-On4SD\"><div class=\"ghostkit-grid-inner\">\n<div class=\"ghostkit-col ghostkit-col-md-12 ghostkit-col-6\"><div class=\"ghostkit-col-content\">\n<h2 class=\"ghostkit-custom-1sv0Ha has-secondary-800-color has-text-color\" id=\"for-more-information-read-the-following-in-french\">For more information, read the following in French (!):<\/h2>\n\n\n\n<p class=\"has-secondary-800-color has-text-color\">Le travail de moniteur et monitrice en camp de vacances est sans aucun doute une des exp\u00e9riences les plus positives que tu peux faire pour ta vie.<\/p>\n\n\n\n<p class=\"has-secondary-800-color has-text-color\">Le plein air, la vie d&#8217;\u00e9quipe, partager la joie de vivre avec les enfants et d&#8217;autres moniteurs et monitrices de ton \u00e2ge, pratiquer en m\u00eame temps mille activit\u00e9s sportives, c&#8217;est un travail int\u00e9ressant, stimulant et gratifiant. Tout travail aupr\u00e8s des jeunes est une exp\u00e9rience d&#8217;\u00e9ducation : par leurs questions et leur comportement, ces m\u00eames jeunes, t\u2019invitent au d\u00e9passement personnel et \u00e0 devenir un vrai mod\u00e8le pour eux.<\/p>\n<\/div><\/div>\n\n\n\n<div class=\"ghostkit-col ghostkit-col-md-12 ghostkit-col-6\"><div class=\"ghostkit-col-content\">\t<section class=\"image-border\" style=\"border-color: #ffffff; height: 550px;\">\n\t\t<img decoding=\"async\" src=\"https:\/\/campclaret.qc.ca\/wp-content\/uploads\/2024\/03\/dsc_99065106.jpg\" alt=\"\" loading=\"lazy\">\n\t<\/section>\n<\/div><\/div>\n<\/div><\/div>\n\n\n\n<div class=\"ghostkit-grid ghostkit-grid-gap-md ghostkit-custom-Z1jT4mb\"><div class=\"ghostkit-grid-inner\">\n<div class=\"ghostkit-col ghostkit-col-12\"><div class=\"ghostkit-col-content\">\n<h3 class=\"ghostkit-custom-Z4QANm has-secondary-800-color has-text-color\" id=\"endroit\">Endroit<\/h3>\n\n\n\n<p class=\"has-secondary-800-color has-text-color\">Le Camp Claret est situ\u00e9 sur les bords du Lac Elgin \u00e0 Stratford, dans les Cantons de l&#8217;Est. Il accueille 220 campeurs ainsi que 80 moniteurs, monitrices et membres du personnel.<\/p>\n<\/div><\/div>\n<\/div><\/div>\n\n\n\n<div class=\"ghostkit-grid ghostkit-grid-gap-custom ghostkit-custom-Z1LQbEM\"><div class=\"ghostkit-grid-inner\">\n<div class=\"ghostkit-col ghostkit-col-md-12 ghostkit-col-6\"><div class=\"ghostkit-col-content\">\n<h3 class=\"ghostkit-custom-Z12LjvA has-secondary-800-color has-text-color\" id=\"critere-d-embauche\">Crit\u00e8re d\u2019embauche<\/h3>\n\n\n\n<ul class=\"has-secondary-800-color has-text-color\">\n<li>\u2192 Aimer les enfants et vouloir travailler avec eux;<\/li>\n\n\n\n<li>\u2192 Avoir 17 ans dans l&#8217;ann\u00e9e et \u00eatre au C\u00e9gep ou \u00e0 l&#8217;Universit\u00e9 (si 17 ans, avoir termin\u00e9 le secondaire V);<\/li>\n\n\n\n<li>\u2192 \u00catre disponible du 20 juin au 21 ao\u00fbt 2026;<\/li>\n\n\n\n<li>\u2192 \u00catre en bonne sant\u00e9, appr\u00e9cier le plein air et vivre la vie d\u2019\u00e9quipe.<\/li>\n\n\n\n<li>\u2192 D\u00e9sirer vivre une exp\u00e9rience de leadership<\/li>\n<\/ul>\n<\/div><\/div>\n\n\n\n<div class=\"ghostkit-col ghostkit-col-md-12 ghostkit-col-6\"><div class=\"ghostkit-col-content\">\n<h3 class=\"ghostkit-custom-2hjFdl has-secondary-800-color has-text-color\" id=\"description-de-la-tache\">Description de la t\u00e2che<\/h3>\n\n\n\n<ul class=\"has-secondary-800-color has-text-color\">\n<li>\u2192 L&#8217;animation de la vie du camp et des activit\u00e9s avec un groupe de 12 campeurs ou campeuses du m\u00eame \u00e2ge;<\/li>\n\n\n\n<li>\u2192 Partager cette animation avec 1 ou 2 autres moniteurs et\/ou monitrices;<\/li>\n\n\n\n<li>\u2192 Pr\u00e9-camp: Recevoir au pr\u00e9alable une semaine de formation, du 20 au 26 juin 2025;<\/li>\n\n\n\n<li>\u2192 Les cong\u00e9s apr\u00e8s la semaine de formation sont \u00e0 tous les 12 jours, du vendredi 15h00 au dimanche matin 11h30.<\/li>\n<\/ul>\n<\/div><\/div>\n<\/div><\/div>\n\n\n\n<div class=\"ghostkit-grid ghostkit-grid-gap-custom ghostkit-custom-ZRJjSy\"><div class=\"ghostkit-grid-inner\">\n<div class=\"ghostkit-col ghostkit-col-md-12 ghostkit-col-6\"><div class=\"ghostkit-col-content\">\n<h3 class=\"ghostkit-custom-24WXko has-secondary-800-color has-text-color\" id=\"critere-d-embauche\">R\u00e9muneration<\/h3>\n\n\n\n<p class=\"has-secondary-800-color has-text-color\">Le salaire de base est de 545,00 $ par semaine, auquel peut s&#8217;ajouter un suppl\u00e9ment selon les qualifications de sauveteur national.<\/p>\n\n\n\n<p class=\"has-secondary-800-color has-text-color\">Pour plus d\u2019information contactez-nous au : <a href=\"tel:8195621435\">819 562-1435<\/a> ou <a href=\"tel:18888656683\">1-888-865-6683<\/a><\/p>\n\n\n\n<p class=\"has-secondary-800-color has-text-color\">Pour faire ta demande d&#8217;emploi, envoie ton CV au secr\u00e9tariat, par courriel : <a href=\"mailto:carmel@campclaret.qc.ca\" target=\"_blank\" rel=\"noreferrer noopener\">directeur@campclaret.qc.ca<\/a>.<\/p>\n<\/div><\/div>\n\n\n\n<div class=\"ghostkit-col ghostkit-col-md-12 ghostkit-col-6 ghostkit-custom-Z1hGzK4\"><div class=\"ghostkit-col-content\">\n<p class=\"has-secondary-800-color has-text-color\">Envie de faire partit de l\u2019aventure ?<\/p>\n\n\n\n<div class=\"ghostkit-button-wrapper ghostkit-button-wrapper-gap-md ghostkit-button-wrapper-align-left\"><div class=\"ghostkit-button-wrapper-inner\">\n<a class=\"ghostkit-button ghostkit-button-md ghostkit-custom-Z2pYaC0\" href=\"mailto:carmel@campclaret.qc.ca\" target=\"_blank\" rel=\"noreferrer noopener\"><span class=\"ghostkit-button-text\">Envoie ton CV<\/span><\/a>\n<\/div><\/div>\n<\/div><\/div>\n<\/div><\/div>\n<\/div><\/div>\n","protected":false},"excerpt":{"rendered":"<p>For more information, read the following in French (!): Le travail de moniteur et monitrice en camp de vacances est sans aucun doute une des exp\u00e9riences les plus positives que tu peux faire pour ta vie. Le plein air, la vie d&#8217;\u00e9quipe, partager la joie de vivre avec les enfants et d&#8217;autres moniteurs et monitrices [&hellip;]<\/p>\n","protected":false},"author":1,"featured_media":0,"parent":0,"menu_order":0,"comment_status":"closed","ping_status":"closed","template":"","meta":{"jsforwpblocks_gb_metabox":"","inline_featured_image":false,"ghostkit_customizer_options":"","ghostkit_custom_css":"","ghostkit_custom_js_head":"","ghostkit_custom_js_foot":"","ghostkit_typography":""},"acf":[],"yoast_head":"<!-- This site is optimized with the Yoast SEO plugin v20.4 - https:\/\/yoast.com\/wordpress\/plugins\/seo\/ -->\n<title>Becoming a counselor, a leadership experience<\/title>\n<meta name=\"description\" content=\"Working at Camp Claret, the experience of a lifetime: leadership, animation, outdoors and education! Find out more here.\" \/>\n<meta name=\"robots\" content=\"index, follow, max-snippet:-1, max-image-preview:large, max-video-preview:-1\" \/>\n<link rel=\"canonical\" href=\"https:\/\/campclaret.qc.ca\/en\/recruiting-counselors\/\" \/>\n<meta property=\"og:type\" content=\"article\" \/>\n<meta property=\"og:title\" content=\"Becoming a counselor, a leadership experience\" \/>\n<meta property=\"og:description\" content=\"Working at Camp Claret, the experience of a lifetime: leadership, animation, outdoors and education! Find out more here.\" \/>\n<meta property=\"og:url\" content=\"https:\/\/campclaret.qc.ca\/en\/recruiting-counselors\/\" \/>\n<meta property=\"og:site_name\" content=\"Camp Claret\" \/>\n<meta property=\"article:modified_time\" content=\"2025-12-18T19:30:16+00:00\" \/>\n<meta name=\"twitter:card\" content=\"summary_large_image\" \/>\n<meta name=\"twitter:label1\" content=\"Est. reading time\" \/>\n\t<meta name=\"twitter:data1\" content=\"2 minutes\" \/>\n<script type=\"application\/ld+json\" class=\"yoast-schema-graph\">{\"@context\":\"https:\/\/schema.org\",\"@graph\":[{\"@type\":\"WebPage\",\"@id\":\"https:\/\/campclaret.qc.ca\/en\/recruiting-counselors\/\",\"url\":\"https:\/\/campclaret.qc.ca\/en\/recruiting-counselors\/\",\"name\":\"Becoming a counselor, a leadership experience\",\"isPartOf\":{\"@id\":\"https:\/\/campclaret.qc.ca\/#website\"},\"datePublished\":\"2024-02-07T20:12:44+00:00\",\"dateModified\":\"2025-12-18T19:30:16+00:00\",\"description\":\"Working at Camp Claret, the experience of a lifetime: leadership, animation, outdoors and education! Find out more here.\",\"breadcrumb\":{\"@id\":\"https:\/\/campclaret.qc.ca\/en\/recruiting-counselors\/#breadcrumb\"},\"inLanguage\":\"en-CA\",\"potentialAction\":[{\"@type\":\"ReadAction\",\"target\":[\"https:\/\/campclaret.qc.ca\/en\/recruiting-counselors\/\"]}]},{\"@type\":\"BreadcrumbList\",\"@id\":\"https:\/\/campclaret.qc.ca\/en\/recruiting-counselors\/#breadcrumb\",\"itemListElement\":[{\"@type\":\"ListItem\",\"position\":1,\"name\":\"Home\",\"item\":\"https:\/\/campclaret.qc.ca\/en\/\"},{\"@type\":\"ListItem\",\"position\":2,\"name\":\"Recruiting\"}]},{\"@type\":\"WebSite\",\"@id\":\"https:\/\/campclaret.qc.ca\/#website\",\"url\":\"https:\/\/campclaret.qc.ca\/\",\"name\":\"Camp Claret\",\"description\":\"\",\"publisher\":{\"@id\":\"https:\/\/campclaret.qc.ca\/#organization\"},\"potentialAction\":[{\"@type\":\"SearchAction\",\"target\":{\"@type\":\"EntryPoint\",\"urlTemplate\":\"https:\/\/campclaret.qc.ca\/?s={search_term_string}\"},\"query-input\":\"required name=search_term_string\"}],\"inLanguage\":\"en-CA\"},{\"@type\":\"Organization\",\"@id\":\"https:\/\/campclaret.qc.ca\/#organization\",\"name\":\"Camp Claret\",\"url\":\"https:\/\/campclaret.qc.ca\/\",\"logo\":{\"@type\":\"ImageObject\",\"inLanguage\":\"en-CA\",\"@id\":\"https:\/\/campclaret.qc.ca\/#\/schema\/logo\/image\/\",\"url\":\"https:\/\/campclaret.qc.ca\/wp-content\/uploads\/2025\/12\/cropped-campclaret_logo_jaune-e1764948661759.png\",\"contentUrl\":\"https:\/\/campclaret.qc.ca\/wp-content\/uploads\/2025\/12\/cropped-campclaret_logo_jaune-e1764948661759.png\",\"width\":246,\"height\":214,\"caption\":\"Camp Claret\"},\"image\":{\"@id\":\"https:\/\/campclaret.qc.ca\/#\/schema\/logo\/image\/\"}}]}<\/script>\n<!-- \/ Yoast SEO plugin. -->","yoast_head_json":{"title":"Becoming a counselor, a leadership experience","description":"Working at Camp Claret, the experience of a lifetime: leadership, animation, outdoors and education! Find out more here.","robots":{"index":"index","follow":"follow","max-snippet":"max-snippet:-1","max-image-preview":"max-image-preview:large","max-video-preview":"max-video-preview:-1"},"canonical":"https:\/\/campclaret.qc.ca\/en\/recruiting-counselors\/","og_type":"article","og_title":"Becoming a counselor, a leadership experience","og_description":"Working at Camp Claret, the experience of a lifetime: leadership, animation, outdoors and education! Find out more here.","og_url":"https:\/\/campclaret.qc.ca\/en\/recruiting-counselors\/","og_site_name":"Camp Claret","article_modified_time":"2025-12-18T19:30:16+00:00","twitter_card":"summary_large_image","twitter_misc":{"Est. reading time":"2 minutes"},"schema":{"@context":"https:\/\/schema.org","@graph":[{"@type":"WebPage","@id":"https:\/\/campclaret.qc.ca\/en\/recruiting-counselors\/","url":"https:\/\/campclaret.qc.ca\/en\/recruiting-counselors\/","name":"Becoming a counselor, a leadership experience","isPartOf":{"@id":"https:\/\/campclaret.qc.ca\/#website"},"datePublished":"2024-02-07T20:12:44+00:00","dateModified":"2025-12-18T19:30:16+00:00","description":"Working at Camp Claret, the experience of a lifetime: leadership, animation, outdoors and education! Find out more here.","breadcrumb":{"@id":"https:\/\/campclaret.qc.ca\/en\/recruiting-counselors\/#breadcrumb"},"inLanguage":"en-CA","potentialAction":[{"@type":"ReadAction","target":["https:\/\/campclaret.qc.ca\/en\/recruiting-counselors\/"]}]},{"@type":"BreadcrumbList","@id":"https:\/\/campclaret.qc.ca\/en\/recruiting-counselors\/#breadcrumb","itemListElement":[{"@type":"ListItem","position":1,"name":"Home","item":"https:\/\/campclaret.qc.ca\/en\/"},{"@type":"ListItem","position":2,"name":"Recruiting"}]},{"@type":"WebSite","@id":"https:\/\/campclaret.qc.ca\/#website","url":"https:\/\/campclaret.qc.ca\/","name":"Camp Claret","description":"","publisher":{"@id":"https:\/\/campclaret.qc.ca\/#organization"},"potentialAction":[{"@type":"SearchAction","target":{"@type":"EntryPoint","urlTemplate":"https:\/\/campclaret.qc.ca\/?s={search_term_string}"},"query-input":"required name=search_term_string"}],"inLanguage":"en-CA"},{"@type":"Organization","@id":"https:\/\/campclaret.qc.ca\/#organization","name":"Camp Claret","url":"https:\/\/campclaret.qc.ca\/","logo":{"@type":"ImageObject","inLanguage":"en-CA","@id":"https:\/\/campclaret.qc.ca\/#\/schema\/logo\/image\/","url":"https:\/\/campclaret.qc.ca\/wp-content\/uploads\/2025\/12\/cropped-campclaret_logo_jaune-e1764948661759.png","contentUrl":"https:\/\/campclaret.qc.ca\/wp-content\/uploads\/2025\/12\/cropped-campclaret_logo_jaune-e1764948661759.png","width":246,"height":214,"caption":"Camp Claret"},"image":{"@id":"https:\/\/campclaret.qc.ca\/#\/schema\/logo\/image\/"}}]}},"_links":{"self":[{"href":"https:\/\/campclaret.qc.ca\/en\/wp-json\/wp\/v2\/pages\/942"}],"collection":[{"href":"https:\/\/campclaret.qc.ca\/en\/wp-json\/wp\/v2\/pages"}],"about":[{"href":"https:\/\/campclaret.qc.ca\/en\/wp-json\/wp\/v2\/types\/page"}],"author":[{"embeddable":true,"href":"https:\/\/campclaret.qc.ca\/en\/wp-json\/wp\/v2\/users\/1"}],"replies":[{"embeddable":true,"href":"https:\/\/campclaret.qc.ca\/en\/wp-json\/wp\/v2\/comments?post=942"}],"version-history":[{"count":14,"href":"https:\/\/campclaret.qc.ca\/en\/wp-json\/wp\/v2\/pages\/942\/revisions"}],"predecessor-version":[{"id":2876,"href":"https:\/\/campclaret.qc.ca\/en\/wp-json\/wp\/v2\/pages\/942\/revisions\/2876"}],"wp:attachment":[{"href":"https:\/\/campclaret.qc.ca\/en\/wp-json\/wp\/v2\/media?parent=942"}],"curies":[{"name":"wp","href":"https:\/\/api.w.org\/{rel}","templated":true}]}}